{"id":32474,"date":"2026-03-18T17:00:16","date_gmt":"2026-03-18T17:00:16","guid":{"rendered":"https:\/\/thecars.es\/?post_type=vehica_car&#038;p=32474"},"modified":"2026-03-18T17:01:36","modified_gmt":"2026-03-18T17:01:36","slug":"jaguar-xe-r-dynamic-black-250hp-petrol-automatic","status":"publish","type":"vehica_car","link":"https:\/\/thecars.es\/es\/stock\/jaguar-xe-r-dynamic-black-250hp-petrol-automatic\/","title":{"rendered":"Jaguar XE R-Dynamic Black 250HP Petrol Automatic"},"content":{"rendered":"<div class=\"container\" style=\"color: #000000\">\n<div id=\"model-response-message-contentr_41d8e119ef3c422d\" class=\"markdown markdown-main-panel stronger enable-updated-hr-color\" dir=\"ltr\" style=\"--animation-duration: 400ms;--fade-animation-function: linear\" aria-live=\"polite\">\n<p data-path-to-node=\"1\"><b data-path-to-node=\"1\" data-index-in-node=\"0\">Jaguar XE 2.0 R-Dynamic Black (250CV) Autom\u00e1tico &#8211; 2020 &#8211; \u00danico Due\u00f1o<\/b><\/p>\n<p data-path-to-node=\"2\"><b data-path-to-node=\"2\" data-index-in-node=\"0\">DESCRIPCI\u00d3N<\/b>\u00a0En\u00a0<b data-path-to-node=\"2\" data-index-in-node=\"15\">The Cars<\/b>\u00a0te presentamos esta exclusiva y elegante berlina deportiva: el Jaguar XE con el deseado nivel de acabado\u00a0<b data-path-to-node=\"2\" data-index-in-node=\"129\">R-Dynamic Black<\/b>. Un veh\u00edculo procedente de un\u00a0<b data-path-to-node=\"2\" data-index-in-node=\"175\">\u00fanico due\u00f1o<\/b>\u00a0que destaca por su imponente dise\u00f1o, su potente motor de gasolina de 250 CV y una preciosa carrocer\u00eda en color azul. Combina a la perfecci\u00f3n el lujo y el refinamiento brit\u00e1nico con una din\u00e1mica de conducci\u00f3n excepcional gracias a su tracci\u00f3n trasera.<\/p>\n<p data-path-to-node=\"3\"><b data-path-to-node=\"3\" data-index-in-node=\"0\">DATOS PRINCIPALES<\/b><\/p>\n<ul data-path-to-node=\"4\">\n<li>\n<p data-path-to-node=\"4,0,0\"><b data-path-to-node=\"4,0,0\" data-index-in-node=\"0\">Motor:<\/b>\u00a02.0 Turbo Gasolina de 250 CV (Potencia y suavidad inigualables).<\/p>\n<\/li>\n<li>\n<p data-path-to-node=\"4,1,0\"><b data-path-to-node=\"4,1,0\" data-index-in-node=\"0\">Transmisi\u00f3n:<\/b>\u00a0Autom\u00e1tica con Tracci\u00f3n Trasera (RWD).<\/p>\n<\/li>\n<li>\n<p data-path-to-node=\"4,2,0\"><b data-path-to-node=\"4,2,0\" data-index-in-node=\"0\">Kilometraje:<\/b>\u00a099.990 km.<\/p>\n<\/li>\n<li>\n<p data-path-to-node=\"4,3,0\"><b data-path-to-node=\"4,3,0\" data-index-in-node=\"0\">Historial:<\/b>\u00a0Procedente de 1 \u00fanico propietario.<\/p>\n<\/li>\n<li>\n<p data-path-to-node=\"4,4,0\"><b data-path-to-node=\"4,4,0\" data-index-in-node=\"0\">A\u00f1o:<\/b>\u00a02020.<\/p>\n<\/li>\n<li>\n<p data-path-to-node=\"4,5,0\"><b data-path-to-node=\"4,5,0\" data-index-in-node=\"0\">Carrocer\u00eda:<\/b>\u00a0Berlina (Sed\u00e1n) de 4 puertas y 5 plazas.<\/p>\n<\/li>\n<li>\n<p data-path-to-node=\"4,6,0\"><b data-path-to-node=\"4,6,0\" data-index-in-node=\"0\">Color:<\/b>\u00a0Azul metalizado.<\/p>\n<\/li>\n<\/ul>\n<p data-path-to-node=\"5\"><b data-path-to-node=\"5\" data-index-in-node=\"0\">EQUIPAMIENTO DESTACADO (Acabado R-Dynamic Black)<\/b><\/p>\n<ul data-path-to-node=\"6\">\n<li>\n<p data-path-to-node=\"6,0,0\"><b data-path-to-node=\"6,0,0\" data-index-in-node=\"0\">Paquete Black Exterior:<\/b>\u00a0Detalles exteriores, parrilla frontal, marcos de las ventanillas y llantas de aleaci\u00f3n deportiva acabadas en negro brillante.<\/p>\n<\/li>\n<li>\n<p data-path-to-node=\"6,1,0\"><b data-path-to-node=\"6,1,0\" data-index-in-node=\"0\">Tecnolog\u00eda e Infoentretenimiento:<\/b>\u00a0Sistema multimedia Pivi Pro con pantalla t\u00e1ctil, Navegaci\u00f3n, conectividad para smartphone y Cuadro de instrumentos digital.<\/p>\n<\/li>\n<li>\n<p data-path-to-node=\"6,2,0\"><b data-path-to-node=\"6,2,0\" data-index-in-node=\"0\">Interior Premium:<\/b>\u00a0Asientos deportivos R-Dynamic en cuero, ajustables el\u00e9ctricamente, Climatizador autom\u00e1tico bizona y Volante deportivo multifunci\u00f3n forrado en piel.<\/p>\n<\/li>\n<li>\n<p data-path-to-node=\"6,3,0\"><b data-path-to-node=\"6,3,0\" data-index-in-node=\"0\">Seguridad y Ayudas:<\/b>\u00a0Faros con tecnolog\u00eda LED, Sensores de aparcamiento delanteros y traseros, C\u00e1mara de marcha atr\u00e1s y Asistentes de conducci\u00f3n avanzados.<\/p>\n<\/li>\n<\/ul>\n<p data-path-to-node=\"7\"><b data-path-to-node=\"7\" data-index-in-node=\"0\">CONDICIONES Y GARANT\u00cdA<\/b><\/p>\n<ul data-path-to-node=\"8\">\n<li>\n<p data-path-to-node=\"8,0,0\"><b data-path-to-node=\"8,0,0\" data-index-in-node=\"0\">Garant\u00eda B\u00e1sica de 1 a\u00f1o INCLUIDA<\/b>\u00a0en el precio.<\/p>\n<\/li>\n<li>\n<p data-path-to-node=\"8,1,0\">Posibilidad de Garant\u00eda Premium: +500\u20ac.<\/p>\n<\/li>\n<li>\n<p data-path-to-node=\"8,2,0\">Gastos de gesti\u00f3n de documentaci\u00f3n y cambio de titularidad: 250\u20ac.<\/p>\n<\/li>\n<\/ul>\n<p data-path-to-node=\"9\"><b data-path-to-node=\"9\" data-index-in-node=\"0\">SOBRE NOSOTROS<\/b>\u00a0<b data-path-to-node=\"9\" data-index-in-node=\"15\">The Cars<\/b>: L\u00edderes en venta de veh\u00edculos de segunda mano en comisi\u00f3n de venta. Ofrecemos una experiencia de confianza, veh\u00edculos inspeccionados y transacciones seguras. Transparencia total en la gesti\u00f3n.<\/p>\n<\/div>\n<\/div>","protected":false},"author":79,"featured_media":0,"template":"","vehica_6654":[2073],"vehica_6655":[2338],"vehica_6659":[2546],"vehica_6660":[3425],"vehica_6657":[],"vehica_6661":[2076],"vehica_6662":[],"vehica_6663":[],"vehica_12974":[2404],"vehica_6666":[2324],"vehica_12770":[2399],"vehica_6670":[],"vehica_12723":[],"class_list":["post-32474","vehica_car","type-vehica_car","status-publish","hentry","vehica_6654-ocasion","vehica_6655-berlina","vehica_6659-jaguar","vehica_6660-xe","vehica_6661-rear-wheel-drive","vehica_12974-2404","vehica_6666-blue","vehica_12770-4-door"],"yoast_head":"<!-- This site is optimized with the Yoast SEO plugin v25.0 - https:\/\/yoast.com\/wordpress\/plugins\/seo\/ -->\n<title>Compra Venta de Coches de Segunda Mano en The Cars| Veh\u00edculos Revisados y Garantizados<\/title>\n<meta name=\"description\" content=\"Descubre coches de segunda mano en The Cars. Veh\u00edculos revisados, en excelente estado y con precios competitivos. \u00a1Encuentra tu coche ideal hoy mismo!\" \/>\n<meta name=\"robots\" content=\"index, follow, max-snippet:-1, max-image-preview:large, max-video-preview:-1\" \/>\n<link rel=\"canonical\" href=\"https:\/\/thecars.es\/es\/stock\/jaguar-xe-r-dynamic-black-250hp-petrol-automatic\/\" \/>\n<meta property=\"og:locale\" content=\"es_ES\" \/>\n<meta property=\"og:type\" content=\"article\" \/>\n<meta property=\"og:title\" content=\"Compra Venta de Coches de Segunda Mano en The Cars| Veh\u00edculos Revisados y Garantizados\" \/>\n<meta property=\"og:description\" content=\"Descubre coches de segunda mano en The Cars. Veh\u00edculos revisados, en excelente estado y con precios competitivos. \u00a1Encuentra tu coche ideal hoy mismo!\" \/>\n<meta property=\"og:url\" content=\"https:\/\/thecars.es\/es\/stock\/jaguar-xe-r-dynamic-black-250hp-petrol-automatic\/\" \/>\n<meta property=\"og:site_name\" content=\"The Cars - Your trusted partner in pre-owned car sales.\" \/>\n<meta property=\"article:publisher\" content=\"https:\/\/www.facebook.com\/profile.php?id=61568285712078\" \/>\n<meta property=\"article:modified_time\" content=\"2026-03-18T17:01:36+00:00\" \/>\n<meta property=\"og:image\" content=\"https:\/\/thecars.es\/wp-content\/uploads\/2024\/12\/The-Cars-07.jpg\" \/>\n\t<meta property=\"og:image:width\" content=\"3509\" \/>\n\t<meta property=\"og:image:height\" content=\"2481\" \/>\n\t<meta property=\"og:image:type\" content=\"image\/jpeg\" \/>\n<meta name=\"twitter:card\" content=\"summary_large_image\" \/>\n<meta name=\"twitter:label1\" content=\"Tiempo de lectura\" \/>\n\t<meta name=\"twitter:data1\" content=\"1 minuto\" \/>\n<script type=\"application\/ld+json\" class=\"yoast-schema-graph\">{\"@context\":\"https:\/\/schema.org\",\"@graph\":[{\"@type\":\"Article\",\"@id\":\"https:\/\/thecars.es\/stock\/jaguar-xe-r-dynamic-black-250hp-petrol-automatic\/#article\",\"isPartOf\":{\"@id\":\"https:\/\/thecars.es\/stock\/jaguar-xe-r-dynamic-black-250hp-petrol-automatic\/\"},\"author\":{\"name\":\"Daniel Q Boldyrev\",\"@id\":\"https:\/\/thecars.es\/#\/schema\/person\/def3add65d6b16dead99897d83c55fbf\"},\"headline\":\"Jaguar XE R-Dynamic Black 250HP Petrol Automatic\",\"datePublished\":\"2026-03-18T17:00:16+00:00\",\"dateModified\":\"2026-03-18T17:01:36+00:00\",\"mainEntityOfPage\":{\"@id\":\"https:\/\/thecars.es\/stock\/jaguar-xe-r-dynamic-black-250hp-petrol-automatic\/\"},\"wordCount\":304,\"publisher\":{\"@id\":\"https:\/\/thecars.es\/#organization\"},\"inLanguage\":\"es\"},{\"@type\":[\"WebPage\",\"ItemPage\"],\"@id\":\"https:\/\/thecars.es\/stock\/jaguar-xe-r-dynamic-black-250hp-petrol-automatic\/\",\"url\":\"https:\/\/thecars.es\/stock\/jaguar-xe-r-dynamic-black-250hp-petrol-automatic\/\",\"name\":\"Compra Venta de Coches de Segunda Mano en The Cars| Veh\u00edculos Revisados y Garantizados\",\"isPartOf\":{\"@id\":\"https:\/\/thecars.es\/#website\"},\"datePublished\":\"2026-03-18T17:00:16+00:00\",\"dateModified\":\"2026-03-18T17:01:36+00:00\",\"description\":\"Descubre coches de segunda mano en The Cars. Veh\u00edculos revisados, en excelente estado y con precios competitivos. \u00a1Encuentra tu coche ideal hoy mismo!\",\"breadcrumb\":{\"@id\":\"https:\/\/thecars.es\/stock\/jaguar-xe-r-dynamic-black-250hp-petrol-automatic\/#breadcrumb\"},\"inLanguage\":\"es\",\"potentialAction\":[{\"@type\":\"ReadAction\",\"target\":[\"https:\/\/thecars.es\/stock\/jaguar-xe-r-dynamic-black-250hp-petrol-automatic\/\"]}]},{\"@type\":\"BreadcrumbList\",\"@id\":\"https:\/\/thecars.es\/stock\/jaguar-xe-r-dynamic-black-250hp-petrol-automatic\/#breadcrumb\",\"itemListElement\":[{\"@type\":\"ListItem\",\"position\":1,\"name\":\"\u0413\u043b\u0430\u0432\u043d\u0430\u044f \u0441\u0442\u0440\u0430\u043d\u0438\u0446\u0430\",\"item\":\"https:\/\/thecars.es\/\"},{\"@type\":\"ListItem\",\"position\":2,\"name\":\"Listings\",\"item\":\"https:\/\/thecars.es\/search\/\"},{\"@type\":\"ListItem\",\"position\":3,\"name\":\"Jaguar XE R-Dynamic Black 250HP Petrol Automatic\"}]},{\"@type\":\"WebSite\",\"@id\":\"https:\/\/thecars.es\/#website\",\"url\":\"https:\/\/thecars.es\/\",\"name\":\"The Cars: Tu Coche de Ocasi\u00f3n Ideal.\",\"description\":\"\",\"publisher\":{\"@id\":\"https:\/\/thecars.es\/#organization\"},\"alternateName\":\"The Cars\",\"potentialAction\":[{\"@type\":\"SearchAction\",\"target\":{\"@type\":\"EntryPoint\",\"urlTemplate\":\"https:\/\/thecars.es\/?s={search_term_string}\"},\"query-input\":{\"@type\":\"PropertyValueSpecification\",\"valueRequired\":true,\"valueName\":\"search_term_string\"}}],\"inLanguage\":\"es\"},{\"@type\":\"Organization\",\"@id\":\"https:\/\/thecars.es\/#organization\",\"name\":\"The Cars\",\"url\":\"https:\/\/thecars.es\/\",\"logo\":{\"@type\":\"ImageObject\",\"inLanguage\":\"es\",\"@id\":\"https:\/\/thecars.es\/#\/schema\/logo\/image\/\",\"url\":\"https:\/\/thecars.es\/wp-content\/uploads\/2024\/11\/The-Cars-11.png\",\"contentUrl\":\"https:\/\/thecars.es\/wp-content\/uploads\/2024\/11\/The-Cars-11.png\",\"width\":3509,\"height\":2481,\"caption\":\"The Cars\"},\"image\":{\"@id\":\"https:\/\/thecars.es\/#\/schema\/logo\/image\/\"},\"sameAs\":[\"https:\/\/www.facebook.com\/profile.php?id=61568285712078\",\"https:\/\/www.instagram.com\/thecars.en\/\"]},{\"@type\":\"Person\",\"@id\":\"https:\/\/thecars.es\/#\/schema\/person\/def3add65d6b16dead99897d83c55fbf\",\"name\":\"Daniel Q Boldyrev\",\"image\":{\"@type\":\"ImageObject\",\"inLanguage\":\"es\",\"@id\":\"https:\/\/thecars.es\/#\/schema\/person\/image\/\",\"url\":\"https:\/\/secure.gravatar.com\/avatar\/5ea0e63393cc38bfa9dd9e43071b4435eee860ad35bcca7f5d7e8ba0566577ae?s=96&d=mm&r=g\",\"contentUrl\":\"https:\/\/secure.gravatar.com\/avatar\/5ea0e63393cc38bfa9dd9e43071b4435eee860ad35bcca7f5d7e8ba0566577ae?s=96&d=mm&r=g\",\"caption\":\"Daniel Q Boldyrev\"},\"sameAs\":[\"http:\/\/thecars.es\"],\"url\":\"https:\/\/thecars.es\/es\/user\/daniel-q\/\"}]}<\/script>\n<!-- \/ Yoast SEO plugin. -->","yoast_head_json":{"title":"Compra Venta de Coches de Segunda Mano en The Cars| Veh\u00edculos Revisados y Garantizados","description":"Descubre coches de segunda mano en The Cars. Veh\u00edculos revisados, en excelente estado y con precios competitivos. \u00a1Encuentra tu coche ideal hoy mismo!","robots":{"index":"index","follow":"follow","max-snippet":"max-snippet:-1","max-image-preview":"max-image-preview:large","max-video-preview":"max-video-preview:-1"},"canonical":"https:\/\/thecars.es\/es\/stock\/jaguar-xe-r-dynamic-black-250hp-petrol-automatic\/","og_locale":"es_ES","og_type":"article","og_title":"Compra Venta de Coches de Segunda Mano en The Cars| Veh\u00edculos Revisados y Garantizados","og_description":"Descubre coches de segunda mano en The Cars. Veh\u00edculos revisados, en excelente estado y con precios competitivos. \u00a1Encuentra tu coche ideal hoy mismo!","og_url":"https:\/\/thecars.es\/es\/stock\/jaguar-xe-r-dynamic-black-250hp-petrol-automatic\/","og_site_name":"The Cars - Your trusted partner in pre-owned car sales.","article_publisher":"https:\/\/www.facebook.com\/profile.php?id=61568285712078","article_modified_time":"2026-03-18T17:01:36+00:00","og_image":[{"width":3509,"height":2481,"url":"https:\/\/thecars.es\/wp-content\/uploads\/2024\/12\/The-Cars-07.jpg","type":"image\/jpeg"}],"twitter_card":"summary_large_image","twitter_misc":{"Tiempo de lectura":"1 minuto"},"schema":{"@context":"https:\/\/schema.org","@graph":[{"@type":"Article","@id":"https:\/\/thecars.es\/stock\/jaguar-xe-r-dynamic-black-250hp-petrol-automatic\/#article","isPartOf":{"@id":"https:\/\/thecars.es\/stock\/jaguar-xe-r-dynamic-black-250hp-petrol-automatic\/"},"author":{"name":"Daniel Q Boldyrev","@id":"https:\/\/thecars.es\/#\/schema\/person\/def3add65d6b16dead99897d83c55fbf"},"headline":"Jaguar XE R-Dynamic Black 250HP Petrol Automatic","datePublished":"2026-03-18T17:00:16+00:00","dateModified":"2026-03-18T17:01:36+00:00","mainEntityOfPage":{"@id":"https:\/\/thecars.es\/stock\/jaguar-xe-r-dynamic-black-250hp-petrol-automatic\/"},"wordCount":304,"publisher":{"@id":"https:\/\/thecars.es\/#organization"},"inLanguage":"es"},{"@type":["WebPage","ItemPage"],"@id":"https:\/\/thecars.es\/stock\/jaguar-xe-r-dynamic-black-250hp-petrol-automatic\/","url":"https:\/\/thecars.es\/stock\/jaguar-xe-r-dynamic-black-250hp-petrol-automatic\/","name":"Compra Venta de Coches de Segunda Mano en The Cars| Veh\u00edculos Revisados y Garantizados","isPartOf":{"@id":"https:\/\/thecars.es\/#website"},"datePublished":"2026-03-18T17:00:16+00:00","dateModified":"2026-03-18T17:01:36+00:00","description":"Descubre coches de segunda mano en The Cars. Veh\u00edculos revisados, en excelente estado y con precios competitivos. \u00a1Encuentra tu coche ideal hoy mismo!","breadcrumb":{"@id":"https:\/\/thecars.es\/stock\/jaguar-xe-r-dynamic-black-250hp-petrol-automatic\/#breadcrumb"},"inLanguage":"es","potentialAction":[{"@type":"ReadAction","target":["https:\/\/thecars.es\/stock\/jaguar-xe-r-dynamic-black-250hp-petrol-automatic\/"]}]},{"@type":"BreadcrumbList","@id":"https:\/\/thecars.es\/stock\/jaguar-xe-r-dynamic-black-250hp-petrol-automatic\/#breadcrumb","itemListElement":[{"@type":"ListItem","position":1,"name":"\u0413\u043b\u0430\u0432\u043d\u0430\u044f \u0441\u0442\u0440\u0430\u043d\u0438\u0446\u0430","item":"https:\/\/thecars.es\/"},{"@type":"ListItem","position":2,"name":"Listings","item":"https:\/\/thecars.es\/search\/"},{"@type":"ListItem","position":3,"name":"Jaguar XE R-Dynamic Black 250HP Petrol Automatic"}]},{"@type":"WebSite","@id":"https:\/\/thecars.es\/#website","url":"https:\/\/thecars.es\/","name":"The Cars: Tu Coche de Ocasi\u00f3n Ideal.","description":"","publisher":{"@id":"https:\/\/thecars.es\/#organization"},"alternateName":"The Cars","potentialAction":[{"@type":"SearchAction","target":{"@type":"EntryPoint","urlTemplate":"https:\/\/thecars.es\/?s={search_term_string}"},"query-input":{"@type":"PropertyValueSpecification","valueRequired":true,"valueName":"search_term_string"}}],"inLanguage":"es"},{"@type":"Organization","@id":"https:\/\/thecars.es\/#organization","name":"The Cars","url":"https:\/\/thecars.es\/","logo":{"@type":"ImageObject","inLanguage":"es","@id":"https:\/\/thecars.es\/#\/schema\/logo\/image\/","url":"https:\/\/thecars.es\/wp-content\/uploads\/2024\/11\/The-Cars-11.png","contentUrl":"https:\/\/thecars.es\/wp-content\/uploads\/2024\/11\/The-Cars-11.png","width":3509,"height":2481,"caption":"The Cars"},"image":{"@id":"https:\/\/thecars.es\/#\/schema\/logo\/image\/"},"sameAs":["https:\/\/www.facebook.com\/profile.php?id=61568285712078","https:\/\/www.instagram.com\/thecars.en\/"]},{"@type":"Person","@id":"https:\/\/thecars.es\/#\/schema\/person\/def3add65d6b16dead99897d83c55fbf","name":"Daniel Q Boldyrev","image":{"@type":"ImageObject","inLanguage":"es","@id":"https:\/\/thecars.es\/#\/schema\/person\/image\/","url":"https:\/\/secure.gravatar.com\/avatar\/5ea0e63393cc38bfa9dd9e43071b4435eee860ad35bcca7f5d7e8ba0566577ae?s=96&d=mm&r=g","contentUrl":"https:\/\/secure.gravatar.com\/avatar\/5ea0e63393cc38bfa9dd9e43071b4435eee860ad35bcca7f5d7e8ba0566577ae?s=96&d=mm&r=g","caption":"Daniel Q Boldyrev"},"sameAs":["http:\/\/thecars.es"],"url":"https:\/\/thecars.es\/es\/user\/daniel-q\/"}]}},"vehica_6656":{"vehica_currency_6656_2316":24990},"vehica_14696":"2020","vehica_6664":"99990","vehica_6665":"2","vehica_6671":"","vehica_6673":["https:\/\/thecars.es\/wp-content\/uploads\/2026\/03\/SAJAB4BX6LCP65167_02.jpg","https:\/\/thecars.es\/wp-content\/uploads\/2026\/03\/SAJAB4BX6LCP65167_03.jpg","https:\/\/thecars.es\/wp-content\/uploads\/2026\/03\/SAJAB4BX6LCP65167_04.jpg","https:\/\/thecars.es\/wp-content\/uploads\/2026\/03\/SAJAB4BX6LCP65167_05.jpg","https:\/\/thecars.es\/wp-content\/uploads\/2026\/03\/SAJAB4BX6LCP65167_06.jpg","https:\/\/thecars.es\/wp-content\/uploads\/2026\/03\/SAJAB4BX6LCP65167_07.jpg","https:\/\/thecars.es\/wp-content\/uploads\/2026\/03\/SAJAB4BX6LCP65167_08.jpg","https:\/\/thecars.es\/wp-content\/uploads\/2026\/03\/SAJAB4BX6LCP65167_01.jpg","https:\/\/thecars.es\/wp-content\/uploads\/2026\/03\/SAJAB4BX6LCP65167_09.jpg","https:\/\/thecars.es\/wp-content\/uploads\/2026\/03\/SAJAB4BX6LCP65167_10.jpg","https:\/\/thecars.es\/wp-content\/uploads\/2026\/03\/SAJAB4BX6LCP65167_11.jpg","https:\/\/thecars.es\/wp-content\/uploads\/2026\/03\/SAJAB4BX6LCP65167_12.jpg","https:\/\/thecars.es\/wp-content\/uploads\/2026\/03\/SAJAB4BX6LCP65167_13.jpg","https:\/\/thecars.es\/wp-content\/uploads\/2026\/03\/SAJAB4BX6LCP65167_14.jpg","https:\/\/thecars.es\/wp-content\/uploads\/2026\/03\/SAJAB4BX6LCP65167_15.jpg","https:\/\/thecars.es\/wp-content\/uploads\/2026\/03\/SAJAB4BX6LCP65167_16.jpg","https:\/\/thecars.es\/wp-content\/uploads\/2026\/03\/SAJAB4BX6LCP65167_17.jpg","https:\/\/thecars.es\/wp-content\/uploads\/2026\/03\/SAJAB4BX6LCP65167_18.jpg","https:\/\/thecars.es\/wp-content\/uploads\/2026\/03\/SAJAB4BX6LCP65167_20.jpg","https:\/\/thecars.es\/wp-content\/uploads\/2026\/03\/SAJAB4BX6LCP65167_21.jpg","https:\/\/thecars.es\/wp-content\/uploads\/2026\/03\/SAJAB4BX6LCP65167_22.jpg","https:\/\/thecars.es\/wp-content\/uploads\/2026\/03\/SAJAB4BX6LCP65167_32.jpg","https:\/\/thecars.es\/wp-content\/uploads\/2026\/03\/SAJAB4BX6LCP65167_33.jpg","https:\/\/thecars.es\/wp-content\/uploads\/2026\/03\/SAJAB4BX6LCP65167_34.jpg","https:\/\/thecars.es\/wp-content\/uploads\/2026\/03\/SAJAB4BX6LCP65167_35.jpg","https:\/\/thecars.es\/wp-content\/uploads\/2026\/03\/SAJAB4BX6LCP65167_36.jpg","https:\/\/thecars.es\/wp-content\/uploads\/2026\/03\/SAJAB4BX6LCP65167_37.jpg"],"vehica_6674":{"url":"","embed":""},"vehica_16721":"","vehica_18820":[],"vehica_25581":"","vehica_30996":{"vehica_currency_30996_2316":""},"_links":{"self":[{"href":"https:\/\/thecars.es\/es\/wp-json\/wp\/v2\/cars\/32474","targetHints":{"allow":["GET"]}}],"collection":[{"href":"https:\/\/thecars.es\/es\/wp-json\/wp\/v2\/cars"}],"about":[{"href":"https:\/\/thecars.es\/es\/wp-json\/wp\/v2\/types\/vehica_car"}],"author":[{"embeddable":true,"href":"https:\/\/thecars.es\/es\/wp-json\/wp\/v2\/users\/79"}],"wp:attachment":[{"href":"https:\/\/thecars.es\/es\/wp-json\/wp\/v2\/media?parent=32474"}],"wp:term":[{"taxonomy":"vehica_6654","embeddable":true,"href":"https:\/\/thecars.es\/es\/wp-json\/wp\/v2\/vehica_6654?post=32474"},{"taxonomy":"vehica_6655","embeddable":true,"href":"https:\/\/thecars.es\/es\/wp-json\/wp\/v2\/vehica_6655?post=32474"},{"taxonomy":"vehica_6659","embeddable":true,"href":"https:\/\/thecars.es\/es\/wp-json\/wp\/v2\/vehica_6659?post=32474"},{"taxonomy":"vehica_6660","embeddable":true,"href":"https:\/\/thecars.es\/es\/wp-json\/wp\/v2\/vehica_6660?post=32474"},{"taxonomy":"vehica_6657","embeddable":true,"href":"https:\/\/thecars.es\/es\/wp-json\/wp\/v2\/vehica_6657?post=32474"},{"taxonomy":"vehica_6661","embeddable":true,"href":"https:\/\/thecars.es\/es\/wp-json\/wp\/v2\/vehica_6661?post=32474"},{"taxonomy":"vehica_6662","embeddable":true,"href":"https:\/\/thecars.es\/es\/wp-json\/wp\/v2\/vehica_6662?post=32474"},{"taxonomy":"vehica_6663","embeddable":true,"href":"https:\/\/thecars.es\/es\/wp-json\/wp\/v2\/vehica_6663?post=32474"},{"taxonomy":"vehica_12974","embeddable":true,"href":"https:\/\/thecars.es\/es\/wp-json\/wp\/v2\/vehica_12974?post=32474"},{"taxonomy":"vehica_6666","embeddable":true,"href":"https:\/\/thecars.es\/es\/wp-json\/wp\/v2\/vehica_6666?post=32474"},{"taxonomy":"vehica_12770","embeddable":true,"href":"https:\/\/thecars.es\/es\/wp-json\/wp\/v2\/vehica_12770?post=32474"},{"taxonomy":"vehica_6670","embeddable":true,"href":"https:\/\/thecars.es\/es\/wp-json\/wp\/v2\/vehica_6670?post=32474"},{"taxonomy":"vehica_12723","embeddable":true,"href":"https:\/\/thecars.es\/es\/wp-json\/wp\/v2\/vehica_12723?post=32474"}],"curies":[{"name":"wp","href":"https:\/\/api.w.org\/{rel}","templated":true}]}}